{"id":45574,"date":"2026-01-07T14:32:15","date_gmt":"2026-01-07T19:32:15","guid":{"rendered":"https:\/\/brikardesign.com\/impression\/?post_type=product&#038;p=45574"},"modified":"2026-01-07T15:27:11","modified_gmt":"2026-01-07T20:27:11","slug":"sac-a-dos-noir-avec-cordon-personnalise","status":"publish","type":"product","link":"https:\/\/brikardesign.com\/impression\/produit\/sac-a-dos-noir-avec-cordon-personnalise\/","title":{"rendered":"Sac \u00e0 dos noir avec cordon personnalis\u00e9"},"content":{"rendered":"<p>CODE: 00098-00<\/p>\n<ul class=\"a-unordered-list a-vertical a-spacing-small\">\n<li><span class=\"a-list-item a-size-base a-color-base\">Sac \u00e0 dos avec cordon de serrage : ces sacs \u00e0 dos avec cordon de serrage sont suffisants pour r\u00e9pondre \u00e0 vos besoins quotidiens, adapt\u00e9s \u00e0 diverses occasions, telles que la gym, les voyages, le supermarch\u00e9, le rangement familial, diverses activit\u00e9s d&#8217;\u00e9quipe, etc.<\/span><\/li>\n<li>Bande r\u00e9flchissnante<\/li>\n<li>Sacs peut \u00eatre personnalis\u00e9 avec du vinyle 1 c\u00f4t\u00e9\u00a0 texte couleur blanc<\/li>\n<li>envoyer le texte\u00a0 \u00e0\u00a0<a href=\"mailto:vente@brikardesign.com\">vente@brikardesign.com<\/a><\/li>\n<li>Pour des quantit\u00e9s nous contacter.<\/li>\n<li>Dimensions approx. du sac: 15&#8243; x 13&#8243; (40 x 34cm)<\/li>\n<\/ul>\n","protected":false},"excerpt":{"rendered":"<p>CODE: 00098-00<\/p>\n<ul class=\"a-unordered-list a-vertical a-spacing-small\">\n<li><span class=\"a-list-item a-size-base a-color-base\">Sac \u00e0 dos avec cordon de serrage : ces sacs \u00e0 dos avec cordon de serrage sont suffisants pour r\u00e9pondre \u00e0 vos besoins quotidiens, adapt\u00e9s \u00e0 diverses occasions, telles que la gym, les voyages, le supermarch\u00e9, le rangement familial, diverses activit\u00e9s d&#8217;\u00e9quipe, etc.<\/span><\/li>\n<li>Bande r\u00e9flchissnante<\/li>\n<li>Sacs peut \u00eatre personnalis\u00e9 avec du vinyle 1 c\u00f4t\u00e9\u00a0 texte couleur blanc<\/li>\n<li>envoyer le texte\u00a0 \u00e0\u00a0<a href=\"mailto:vente@brikardesign.com\">vente@brikardesign.com<\/a><\/li>\n<li>Mat\u00e9riel: polyester<\/li>\n<li>Pour des quantit\u00e9s nous contacter.<\/li>\n<li>Dimensions approx. du sac: 15&#8243; x 13&#8243; (40 x 34cm)<\/li>\n<\/ul>\n","protected":false},"featured_media":45575,"comment_status":"open","ping_status":"closed","template":"","meta":{"_et_pb_use_builder":"","_et_pb_old_content":"","_et_gb_content_width":""},"product_brand":[],"product_cat":[537],"product_tag":[3515,689],"class_list":{"0":"post-45574","1":"product","2":"type-product","3":"status-publish","4":"has-post-thumbnail","6":"product_cat-textiles-sacs","7":"product_tag-sac-avec-cordon-personnalise","8":"product_tag-sub00098-00","9":"product_shipping_class-minimumcertains-produits","11":"first","12":"instock","13":"taxable","14":"shipping-taxable","15":"purchasable","16":"product-type-simple"},"_links":{"self":[{"href":"https:\/\/brikardesign.com\/impression\/wp-json\/wp\/v2\/product\/45574","targetHints":{"allow":["GET"]}}],"collection":[{"href":"https:\/\/brikardesign.com\/impression\/wp-json\/wp\/v2\/product"}],"about":[{"href":"https:\/\/brikardesign.com\/impression\/wp-json\/wp\/v2\/types\/product"}],"replies":[{"embeddable":true,"href":"https:\/\/brikardesign.com\/impression\/wp-json\/wp\/v2\/comments?post=45574"}],"wp:featuredmedia":[{"embeddable":true,"href":"https:\/\/brikardesign.com\/impression\/wp-json\/wp\/v2\/media\/45575"}],"wp:attachment":[{"href":"https:\/\/brikardesign.com\/impression\/wp-json\/wp\/v2\/media?parent=45574"}],"wp:term":[{"taxonomy":"product_brand","embeddable":true,"href":"https:\/\/brikardesign.com\/impression\/wp-json\/wp\/v2\/product_brand?post=45574"},{"taxonomy":"product_cat","embeddable":true,"href":"https:\/\/brikardesign.com\/impression\/wp-json\/wp\/v2\/product_cat?post=45574"},{"taxonomy":"product_tag","embeddable":true,"href":"https:\/\/brikardesign.com\/impression\/wp-json\/wp\/v2\/product_tag?post=45574"}],"curies":[{"name":"wp","href":"https:\/\/api.w.org\/{rel}","templated":true}]}}