{"id":45572,"date":"2026-01-07T13:23:48","date_gmt":"2026-01-07T18:23:48","guid":{"rendered":"https:\/\/brikardesign.com\/impression\/?post_type=product&#038;p=45572"},"modified":"2026-01-13T13:41:13","modified_gmt":"2026-01-13T18:41:13","slug":"sac-a-dos-avec-cordon-blanc-personnalise","status":"publish","type":"product","link":"https:\/\/brikardesign.com\/impression\/produit\/sac-a-dos-avec-cordon-blanc-personnalise\/","title":{"rendered":"Sac \u00e0 dos avec cordon blanc personnalis\u00e9"},"content":{"rendered":"<p>CODE: 00254-00<\/p>\n<ul class=\"a-unordered-list a-vertical a-spacing-small\">\n<li><span class=\"a-list-item a-size-base a-color-base\">Sac \u00e0 dos avec cordon de serrage : ces sacs \u00e0 dos avec cordon de serrage sont suffisants pour r\u00e9pondre \u00e0 vos besoins quotidiens, adapt\u00e9s \u00e0 diverses occasions, telles que la gym, les voyages, le supermarch\u00e9, le rangement familial, diverses activit\u00e9s d&#8217;\u00e9quipe, etc.<\/span><\/li>\n<li>Sacs peut \u00eatre personnalis\u00e9par impression\u00a0 gratuitement images max de 8.5 x11po (21 x 28cm)<\/li>\n<li>envoyer l&#8217;image ou logo<a href=\"mailto:vente@brikardesign.com\">\u00a0vente@brikardesign.com<\/a><\/li>\n<li>Pour des quantit\u00e9s nous contacter.<\/li>\n<li>Dimensions approx. du sac: 15&#8243; x 13&#8243; (40 x 34cm)<\/li>\n<li><\/li>\n<\/ul>\n","protected":false},"excerpt":{"rendered":"<ul class=\"a-unordered-list a-vertical a-spacing-small\">\n<li>CODE: 00254-00\n<ul class=\"a-unordered-list a-vertical a-spacing-small\">\n<li><span class=\"a-list-item a-size-base a-color-base\">Sac \u00e0 dos avec cordon de serrage : ces sacs \u00e0 dos avec cordon de serrage sont suffisants pour r\u00e9pondre \u00e0 vos besoins quotidiens, adapt\u00e9s \u00e0 diverses occasions, telles que la gym, les voyages, le supermarch\u00e9, le rangement familial, diverses activit\u00e9s d&#8217;\u00e9quipe, etc.<\/span><\/li>\n<li>Sacs peut \u00eatre personnalis\u00e9par impression 1 c\u00f4t\u00e9\u00a0 gratuitement images max de 8.5 x11po (21 x 28cm)<\/li>\n<li>envoyer l&#8217;image ou logo<a href=\"mailto:vente@brikardesign.com\">\u00a0vente@brikardesign.com<\/a><\/li>\n<\/ul>\n<\/li>\n<li>Dimensions approx. du sac: 15&#8243; x 13&#8243; (40 x 34cm)<\/li>\n<\/ul>\n","protected":false},"featured_media":45573,"comment_status":"open","ping_status":"closed","template":"","meta":{"_et_pb_use_builder":"","_et_pb_old_content":"","_et_gb_content_width":""},"product_brand":[],"product_cat":[3524,537],"product_tag":[3515,3516],"class_list":{"0":"post-45572","1":"product","2":"type-product","3":"status-publish","4":"has-post-thumbnail","6":"product_cat-produits-promotionnels","7":"product_cat-textiles-sacs","8":"product_tag-sac-avec-cordon-personnalise","9":"product_tag-sub00254-00","10":"product_shipping_class-minimumcertains-produits","12":"first","13":"instock","14":"taxable","15":"shipping-taxable","16":"purchasable","17":"product-type-simple"},"_links":{"self":[{"href":"https:\/\/brikardesign.com\/impression\/wp-json\/wp\/v2\/product\/45572","targetHints":{"allow":["GET"]}}],"collection":[{"href":"https:\/\/brikardesign.com\/impression\/wp-json\/wp\/v2\/product"}],"about":[{"href":"https:\/\/brikardesign.com\/impression\/wp-json\/wp\/v2\/types\/product"}],"replies":[{"embeddable":true,"href":"https:\/\/brikardesign.com\/impression\/wp-json\/wp\/v2\/comments?post=45572"}],"wp:featuredmedia":[{"embeddable":true,"href":"https:\/\/brikardesign.com\/impression\/wp-json\/wp\/v2\/media\/45573"}],"wp:attachment":[{"href":"https:\/\/brikardesign.com\/impression\/wp-json\/wp\/v2\/media?parent=45572"}],"wp:term":[{"taxonomy":"product_brand","embeddable":true,"href":"https:\/\/brikardesign.com\/impression\/wp-json\/wp\/v2\/product_brand?post=45572"},{"taxonomy":"product_cat","embeddable":true,"href":"https:\/\/brikardesign.com\/impression\/wp-json\/wp\/v2\/product_cat?post=45572"},{"taxonomy":"product_tag","embeddable":true,"href":"https:\/\/brikardesign.com\/impression\/wp-json\/wp\/v2\/product_tag?post=45572"}],"curies":[{"name":"wp","href":"https:\/\/api.w.org\/{rel}","templated":true}]}}